{"id":22,"date":"2024-11-28T14:38:50","date_gmt":"2024-11-28T17:38:50","guid":{"rendered":"https:\/\/alenrio.org.br\/encontro\/?page_id=22"},"modified":"2024-12-02T18:39:59","modified_gmt":"2024-12-02T21:39:59","slug":"programacao","status":"publish","type":"page","link":"https:\/\/alenrio.org.br\/encontro\/programacao\/","title":{"rendered":"Programa\u00e7\u00e3o"},"content":{"rendered":"\n<p>17h <strong>Credenciamento<\/strong><\/p>\n\n\n\n<p>17h30 <strong>Abertura e boas-vindas<\/strong><\/p>\n\n\n\n<p>18h <strong>SARAU LITER\u00c1RIO<\/strong> <strong><u>(ORDEM DAS APRESENTA\u00c7\u00d5ES)<\/u><\/strong><\/p>\n\n\n\n<ol start=\"1\" class=\"wp-block-list\">\n<li>Em Poesias &amp; Can\u00e7\u00f5es &#8211; Danilo Fagundes, part. Bimbo<\/li>\n\n\n\n<li>Homenagem a Sadi Camera &#8211; Teresinha Servat Gazola<\/li>\n\n\n\n<li>Defini\u00e7\u00e3o para a \u00e1rvore &#8211; Nair Carpenedo<\/li>\n\n\n\n<li>Descendente de imigrantes alem\u00e3es: mem\u00f3rias de um lugar de ser &#8211; Rejane Beatriz Fiepke Carpenedo<\/li>\n\n\n\n<li>As terras do Buric\u00e1 &#8211; Jorge da Luz<\/li>\n\n\n\n<li>Loro-cravo &#8211; Renato Pereira<\/li>\n\n\n\n<li>A cura da dor de dente e preserva\u00e7\u00e3o do patrim\u00f4nio &#8211; Eugenio Frizzo<\/li>\n\n\n\n<li>O menino e o beija-flor &#8211; Joana Marli Langner<\/li>\n\n\n\n<li>Homenagem a Anat\u00f3lio Gach &#8211; Gretel Priebe<\/li>\n\n\n\n<li>Carta ao romantismo &#8211; Norberto Weber Werle<\/li>\n\n\n\n<li>Sobejos de amor &#8211; Carlos Pedroso dos Santos<\/li>\n\n\n\n<li>Hermenegildo &#8211; Cleci Maria Scheid<\/li>\n\n\n\n<li>Livro did\u00e1tico como alicerce de ensino nas escolas: ser\u00e1 o fim da educa\u00e7\u00e3o libertadora? &#8211; Cassiano Telles<\/li>\n\n\n\n<li>Cemit\u00e9rio Ortodoxo &#8211; Jacinto Anat\u00f3lio Zabolotski<\/li>\n\n\n\n<li>O sentido da vida &#8211; Dalmiro Volnei Silva<\/li>\n\n\n\n<li>Gen\u00edtico &#8211; Roque Aloisio Weschenfelder<\/li>\n\n\n\n<li>Dante &#8211; Tanize Tomasi<\/li>\n\n\n\n<li>Quem sou eu Afinal? &#8211; Jos\u00e9 Orlando Sch\u00e4fer<\/li>\n<\/ol>\n\n\n\n<p>20h <strong>Jantar de confraterniza\u00e7\u00e3o<\/strong><\/p>\n\n\n\n<p><strong>APRESENTA\u00c7\u00d5ES LIVRES (<u>ap\u00f3s o jantar<\/u>)<\/strong><\/p>\n\n\n\n<p>23h <strong>Encerramento<\/strong><\/p>\n","protected":false},"excerpt":{"rendered":"<p>17h Credenciamento 17h30 Abertura e boas-vindas 18h SARAU LITER\u00c1RIO (ORDEM DAS APRESENTA\u00c7\u00d5ES) 20h Jantar de confraterniza\u00e7\u00e3o APRESENTA\u00c7\u00d5ES LIVRES (ap\u00f3s o jantar) 23h Encerramento<\/p>\n","protected":false},"author":2,"featured_media":0,"parent":0,"menu_order":0,"comment_status":"closed","ping_status":"closed","template":"","meta":{"footnotes":""},"class_list":["post-22","page","type-page","status-publish","hentry"],"_links":{"self":[{"href":"https:\/\/alenrio.org.br\/encontro\/wp-json\/wp\/v2\/pages\/22","targetHints":{"allow":["GET"]}}],"collection":[{"href":"https:\/\/alenrio.org.br\/encontro\/wp-json\/wp\/v2\/pages"}],"about":[{"href":"https:\/\/alenrio.org.br\/encontro\/wp-json\/wp\/v2\/types\/page"}],"author":[{"embeddable":true,"href":"https:\/\/alenrio.org.br\/encontro\/wp-json\/wp\/v2\/users\/2"}],"replies":[{"embeddable":true,"href":"https:\/\/alenrio.org.br\/encontro\/wp-json\/wp\/v2\/comments?post=22"}],"version-history":[{"count":31,"href":"https:\/\/alenrio.org.br\/encontro\/wp-json\/wp\/v2\/pages\/22\/revisions"}],"predecessor-version":[{"id":224,"href":"https:\/\/alenrio.org.br\/encontro\/wp-json\/wp\/v2\/pages\/22\/revisions\/224"}],"wp:attachment":[{"href":"https:\/\/alenrio.org.br\/encontro\/wp-json\/wp\/v2\/media?parent=22"}],"curies":[{"name":"wp","href":"https:\/\/api.w.org\/{rel}","templated":true}]}}