{"id":222,"date":"2024-12-02T18:38:48","date_gmt":"2024-12-02T21:38:48","guid":{"rendered":"https:\/\/alenrio.org.br\/encontro\/?page_id=222"},"modified":"2024-12-10T20:41:03","modified_gmt":"2024-12-10T23:41:03","slug":"anais","status":"publish","type":"page","link":"https:\/\/alenrio.org.br\/encontro\/anais\/","title":{"rendered":"Anais"},"content":{"rendered":"\n<ol start=\"1\" class=\"wp-block-list\">\n<li>Em Poesias &amp; Can\u00e7\u00f5es &#8211; Danilo Fagundes, part. Bimbo<\/li>\n\n\n\n<li><a href=\"https:\/\/alenrio.org.br\/encontro\/homenagem-a-sadi-camera\/\" data-type=\"link\" data-id=\"https:\/\/alenrio.org.br\/encontro\/homenagem-a-sadi-camera\/\">Homenagem a Sadi Camera<\/a> &#8211; Teresinha Servat Gazola<\/li>\n\n\n\n<li><a href=\"https:\/\/alenrio.org.br\/encontro\/definicao-para-a-arvore\/\" data-type=\"post\" data-id=\"182\">Defini\u00e7\u00e3o para a \u00e1rvore<\/a> &#8211; Nair Carpenedo<\/li>\n\n\n\n<li><a href=\"https:\/\/alenrio.org.br\/encontro\/index.php\/descendente-de-imigrantes-alemaes-memorias-de-um-lugar-de-ser\/\" data-type=\"link\" data-id=\"https:\/\/alenrio.org.br\/encontro\/index.php\/descendente-de-imigrantes-alemaes-memorias-de-um-lugar-de-ser\/\">Descendente de imigrantes alem\u00e3es: mem\u00f3rias de um lugar de ser<\/a> &#8211; Rejane Beatriz Fiepke Carpenedo<\/li>\n\n\n\n<li><a href=\"https:\/\/alenrio.org.br\/encontro\/as-terras-do-burica\/\" data-type=\"post\" data-id=\"195\">As terras do Buric\u00e1<\/a> &#8211; Jorge da Luz<\/li>\n\n\n\n<li><a href=\"https:\/\/alenrio.org.br\/encontro\/loro-cravo\/\" data-type=\"post\" data-id=\"237\">Loro-cravo<\/a> &#8211; Renato Pereira<\/li>\n\n\n\n<li><a href=\"https:\/\/alenrio.org.br\/encontro\/a-cura-dor-de-dente-e-a-preservacao-da-vida-e-do-patrimonio\/\" data-type=\"link\" data-id=\"https:\/\/alenrio.org.br\/encontro\/a-cura-dor-de-dente-e-a-preservacao-da-vida-e-do-patrimonio\/\">A cura da dor de dente e preserva\u00e7\u00e3o do patrim\u00f4nio<\/a> &#8211; Eugenio Frizzo<\/li>\n\n\n\n<li><a href=\"https:\/\/alenrio.org.br\/encontro\/o-menino-e-o-beija-flor\/\" data-type=\"link\" data-id=\"https:\/\/alenrio.org.br\/encontro\/o-menino-e-o-beija-flor\/\">O menino e o beija-flor<\/a> &#8211; Joana Marli Langner<\/li>\n\n\n\n<li><a href=\"https:\/\/alenrio.org.br\/encontro\/tag\/homenagem\/\" data-type=\"post_tag\" data-id=\"29\">Homenagem a Anat\u00f3lio Gach<\/a> &#8211; Gretel Priebe<\/li>\n\n\n\n<li><a href=\"https:\/\/alenrio.org.br\/encontro\/carta-ao-romantismo\/\" data-type=\"post\" data-id=\"192\">Carta ao romantismo<\/a> &#8211; Norberto Weber Werle<\/li>\n\n\n\n<li><a href=\"https:\/\/alenrio.org.br\/encontro\/sobejos-de-amor\/\" data-type=\"post\" data-id=\"189\">Sobejos de amor<\/a> &#8211; Carlos Pedroso dos Santos<\/li>\n\n\n\n<li><a href=\"https:\/\/alenrio.org.br\/encontro\/hermenegildo\/\" data-type=\"post\" data-id=\"178\">Hermenegildo<\/a> &#8211; Cleci Maria Scheid<\/li>\n\n\n\n<li><a href=\"https:\/\/alenrio.org.br\/encontro\/livro-didatico-como-alicerce-de-ensino-nas-escolas-sera-o-fim-da-educacao-libertadora\/\" data-type=\"post\" data-id=\"198\">Livro did\u00e1tico como alicerce de ensino nas escolas: ser\u00e1 o fim da educa\u00e7\u00e3o libertadora?<\/a> &#8211; Cassiano Telles<\/li>\n\n\n\n<li><a href=\"https:\/\/alenrio.org.br\/encontro\/cemiterio-ortodoxo\/\" data-type=\"post\" data-id=\"219\">Cemit\u00e9rio Ortodoxo<\/a> &#8211; Jacinto Anat\u00f3lio Zabolotski<\/li>\n\n\n\n<li><a href=\"https:\/\/alenrio.org.br\/encontro\/index.php\/o-sentido-da-vida-dalmiro-volnei-silva\/\" data-type=\"link\" data-id=\"https:\/\/alenrio.org.br\/encontro\/index.php\/o-sentido-da-vida-dalmiro-volnei-silva\/\">O sentido da vida<\/a> &#8211; Dalmiro Volnei Silva<\/li>\n\n\n\n<li><a href=\"https:\/\/alenrio.org.br\/encontro\/\/genitico-roque-aloisio-weschenfelder\/\" data-type=\"link\" data-id=\"https:\/\/alenrio.org.br\/encontro\/\/genitico-roque-aloisio-weschenfelder\/\">Gen\u00edtico<\/a> &#8211; Roque Aloisio Weschenfelder<\/li>\n\n\n\n<li><a href=\"https:\/\/alenrio.org.br\/encontro\/dante\/\" data-type=\"post\" data-id=\"240\">Dante<\/a> &#8211; Tanize Tomasi<\/li>\n\n\n\n<li><a href=\"https:\/\/alenrio.org.br\/encontro\/quem-sou-eu-afinal\/\" data-type=\"post\" data-id=\"185\">Quem sou eu Afinal?<\/a> &#8211; Jos\u00e9 Orlando Sch\u00e4fer<\/li>\n<\/ol>\n","protected":false},"excerpt":{"rendered":"","protected":false},"author":2,"featured_media":0,"parent":0,"menu_order":0,"comment_status":"closed","ping_status":"closed","template":"","meta":{"footnotes":""},"class_list":["post-222","page","type-page","status-publish","hentry"],"_links":{"self":[{"href":"https:\/\/alenrio.org.br\/encontro\/wp-json\/wp\/v2\/pages\/222","targetHints":{"allow":["GET"]}}],"collection":[{"href":"https:\/\/alenrio.org.br\/encontro\/wp-json\/wp\/v2\/pages"}],"about":[{"href":"https:\/\/alenrio.org.br\/encontro\/wp-json\/wp\/v2\/types\/page"}],"author":[{"embeddable":true,"href":"https:\/\/alenrio.org.br\/encontro\/wp-json\/wp\/v2\/users\/2"}],"replies":[{"embeddable":true,"href":"https:\/\/alenrio.org.br\/encontro\/wp-json\/wp\/v2\/comments?post=222"}],"version-history":[{"count":5,"href":"https:\/\/alenrio.org.br\/encontro\/wp-json\/wp\/v2\/pages\/222\/revisions"}],"predecessor-version":[{"id":242,"href":"https:\/\/alenrio.org.br\/encontro\/wp-json\/wp\/v2\/pages\/222\/revisions\/242"}],"wp:attachment":[{"href":"https:\/\/alenrio.org.br\/encontro\/wp-json\/wp\/v2\/media?parent=222"}],"curies":[{"name":"wp","href":"https:\/\/api.w.org\/{rel}","templated":true}]}}